{"id":456,"date":"2014-02-01T11:22:18","date_gmt":"2014-02-01T10:22:18","guid":{"rendered":"http:\/\/ywam.sk\/new\/?page_id=456"},"modified":"2014-02-01T11:22:18","modified_gmt":"2014-02-01T10:22:18","slug":"why-lucatin","status":"publish","type":"page","link":"https:\/\/www.ywam.sk\/sk\/lucatin\/why-lucatin\/","title":{"rendered":"Why Lu\u010dat\u00edn"},"content":{"rendered":"<p><\/p>\n<ul>\n<li><strong>mo\u017enos\u0165 roz\u0161irovania u\u017e existuj\u00facej pr\u00e1ce<\/strong>, ktor\u00fa v\u00a0s\u00fa\u010dasnosti rob\u00edme<\/li>\n<li><strong>n\u00e1rast n\u00e1\u0161ho t\u00edmu<\/strong>\u00a0a\u00a0t\u00fdm roz\u0161irovanie slu\u017eieb do \u010fal\u0161\u00edch oblast\u00ed<\/li>\n<li>n\u00e1sobn\u00fd\u00a0<strong>rast po\u010dtu \u013eud\u00ed zasiahnut\u00fdch Bohom<\/strong>\u00a0prostredn\u00edctvom na\u0161ej pr\u00e1ce<\/li>\n<li>v\u00e4\u010d\u0161\u00ed po\u010det\u00a0<strong>zachr\u00e1nen\u00fdch a\u00a0posilnen\u00fdch man\u017eelstviev<\/strong><\/li>\n<li>mno\u017estv\u00e1 mlad\u00fdch \u013eud\u00ed\u00a0<strong>pripraven\u00fdch na svoj vlastn\u00fd \u017eivot<\/strong>, pr\u00e1cu a\u00a0slu\u017ebu na Slovensku<\/li>\n<li>\u013eud\u00ed\u00a0<strong>vystrojen\u00fdch pre pomoc<\/strong>\u00a0druh\u00fdm<\/li>\n<li>\u013eud\u00ed\u00a0<strong>slobodn\u00fdch od vn\u00fatorn\u00fdch zranen\u00ed<\/strong>, z\u00e1vislost\u00ed a\u00a0nepokojov<\/li>\n<li>mno\u017estvo \u013eud\u00ed\u00a0<strong>odhodlan\u00fdch \u0161\u00edri\u0165 Bo\u017eie kr\u00e1\u013eovstvo<\/strong>\u00a0po Slovensku<\/li>\n<li>podnikate\u013eov, politikov a pracovn\u00edkov na r\u00f4znych \u00farovniach shopn\u00fdch\u00a0<strong>st\u00e1\u0165 na Bo\u017eich princ\u00edpoch a\u00a0uk\u00e1za\u0165 siln\u00fd charakter<\/strong>\u00a0v\u00a0kr\u00edzov\u00fdch situ\u00e1ci\u00e1ch<\/li>\n<li><strong>\u010fal\u0161ie semin\u00e1re, kurzy, dlhodob\u00e9 \u0161koly<\/strong>\u00a0zameran\u00e9 na r\u00f4zne oblasti \u017eivota<\/li>\n<li>pr\u00edlev zahrani\u010dn\u00fdch n\u00e1v\u0161tevn\u00edkov, lektorov a\u00a0u\u010dite\u013eov, ktor\u00ed prines\u00fa\u00a0<strong>nov\u00e9 poh\u013eady pre\u00a0Slovensko<\/strong>\u00a0a\u00a0t\u00fdm nap\u013a\u0148anie poslania n\u00e1roda<\/li>\n<\/ul>\n\n<p><\/p>","protected":false},"excerpt":{"rendered":"<p>mo\u017enos\u0165 roz\u0161irovania u\u017e existuj\u00facej pr\u00e1ce, ktor\u00fa v\u00a0s\u00fa\u010dasnosti rob\u00edme n\u00e1rast n\u00e1\u0161ho t\u00edmu\u00a0a\u00a0t\u00fdm roz\u0161irovanie slu\u017eieb do \u010fal\u0161\u00edch oblast\u00ed n\u00e1sobn\u00fd\u00a0rast po\u010dtu \u013eud\u00ed zasiahnut\u00fdch Bohom\u00a0prostredn\u00edctvom na\u0161ej pr\u00e1ce v\u00e4\u010d\u0161\u00ed po\u010det\u00a0zachr\u00e1nen\u00fdch a\u00a0posilnen\u00fdch man\u017eelstviev mno\u017estv\u00e1 mlad\u00fdch \u013eud\u00ed\u00a0pripraven\u00fdch na svoj vlastn\u00fd \u017eivot, pr\u00e1cu a\u00a0slu\u017ebu na Slovensku \u013eud\u00ed\u00a0vystrojen\u00fdch pre pomoc\u00a0druh\u00fdm \u013eud\u00ed\u00a0slobodn\u00fdch od vn\u00fatorn\u00fdch zranen\u00ed, z\u00e1vislost\u00ed a\u00a0nepokojov mno\u017estvo \u013eud\u00ed\u00a0odhodlan\u00fdch \u0161\u00edri\u0165 Bo\u017eie kr\u00e1\u013eovstvo\u00a0po Slovensku podnikate\u013eov, politikov [&hellip;]<\/p>\n","protected":false},"author":2,"featured_media":0,"parent":13231,"menu_order":45,"comment_status":"closed","ping_status":"closed","template":"","meta":{"footnotes":""},"class_list":["post-456","page","type-page","status-publish","hentry"],"aioseo_notices":[],"_links":{"self":[{"href":"https:\/\/www.ywam.sk\/sk\/wp-json\/wp\/v2\/pages\/456"}],"collection":[{"href":"https:\/\/www.ywam.sk\/sk\/wp-json\/wp\/v2\/pages"}],"about":[{"href":"https:\/\/www.ywam.sk\/sk\/wp-json\/wp\/v2\/types\/page"}],"author":[{"embeddable":true,"href":"https:\/\/www.ywam.sk\/sk\/wp-json\/wp\/v2\/users\/2"}],"replies":[{"embeddable":true,"href":"https:\/\/www.ywam.sk\/sk\/wp-json\/wp\/v2\/comments?post=456"}],"version-history":[{"count":0,"href":"https:\/\/www.ywam.sk\/sk\/wp-json\/wp\/v2\/pages\/456\/revisions"}],"up":[{"embeddable":true,"href":"https:\/\/www.ywam.sk\/sk\/wp-json\/wp\/v2\/pages\/13231"}],"wp:attachment":[{"href":"https:\/\/www.ywam.sk\/sk\/wp-json\/wp\/v2\/media?parent=456"}],"curies":[{"name":"wp","href":"https:\/\/api.w.org\/{rel}","templated":true}]}}